{"id":285,"date":"2016-06-13T09:43:07","date_gmt":"2016-06-13T09:43:07","guid":{"rendered":"https:\/\/camping.incipit.pt\/?page_id=285"},"modified":"2025-08-07T15:00:20","modified_gmt":"2025-08-07T15:00:20","slug":"galerie","status":"publish","type":"page","link":"https:\/\/campingoleiros.com\/portal\/fr\/galerie\/","title":{"rendered":"Ambiances int\u00e9rieures\/ext\u00e9rieures"},"content":{"rendered":"<div class=\"row\">\n<div class=\"col-md-6\">\n<div class=\"col-xs-12\">\n<h3 class=\"text-center\">Ext\u00e9rieurs<\/h3>\n<\/div>\n<div class=\"col-xs-12\"><a href=\"https:\/\/campingoleiros.com\/portal\/fr\/en-plein-air\"> <img loading=\"lazy\" class=\"alignnone size-full wp-image-530\" src=\"https:\/\/campingoleiros.com\/portal\/wp-content\/uploads\/2016\/05\/camping-oleiros-42.jpg\" alt=\"camping oleiros\" width=\"600\" height=\"400\" srcset=\"https:\/\/campingoleiros.com\/portal\/wp-content\/uploads\/2016\/05\/camping-oleiros-42.jpg 600w, https:\/\/campingoleiros.com\/portal\/wp-content\/uploads\/2016\/05\/camping-oleiros-42-300x200.jpg 300w\" sizes=\"(max-width: 600px) 100vw, 600px\" \/> <\/a><\/div>\n<\/div>\n<div class=\"col-md-6\">\n<div class=\"col-xs-12\">\n<h3 class=\"text-center\">Int\u00e9rieurs<\/h3>\n<\/div>\n<div class=\"col-xs-12\"><a href=\"https:\/\/campingoleiros.com\/portal\/fr\/a-linterieur\"> <img loading=\"lazy\" class=\"alignnone size-full wp-image-531\" src=\"https:\/\/campingoleiros.com\/portal\/wp-content\/uploads\/2016\/05\/camping-oleiros-68.jpg\" alt=\"camping oleiros \" width=\"600\" height=\"400\" srcset=\"https:\/\/campingoleiros.com\/portal\/wp-content\/uploads\/2016\/05\/camping-oleiros-68.jpg 600w, https:\/\/campingoleiros.com\/portal\/wp-content\/uploads\/2016\/05\/camping-oleiros-68-300x200.jpg 300w\" sizes=\"(max-width: 600px) 100vw, 600px\" \/> <\/a><\/div>\n<\/div>\n<div class=\"col-md-6\">\n<div class=\"col-xs-12\">\n<h3 class=\"text-center\">Plage Fluviale<\/h3>\n<\/div>\n<div class=\"col-xs-12\"><a href=\"https:\/\/campingoleiros.com\/portal\/fr\/plage-de-le-riviere\"> <img loading=\"lazy\" class=\"alignnone size-full wp-image-532\" src=\"https:\/\/campingoleiros.com\/portal\/wp-content\/uploads\/2016\/05\/camping-oleiros-praia-fluvial-1.jpg\" alt=\"Praia Fluvial\" width=\"600\" height=\"400\" srcset=\"https:\/\/campingoleiros.com\/portal\/wp-content\/uploads\/2016\/05\/camping-oleiros-praia-fluvial-1.jpg 600w, https:\/\/campingoleiros.com\/portal\/wp-content\/uploads\/2016\/05\/camping-oleiros-praia-fluvial-1-300x200.jpg 300w\" sizes=\"(max-width: 600px) 100vw, 600px\" \/> <\/a><\/div>\n<\/div>\n<div class=\"col-md-6\">\n<div class=\"col-xs-12\">\n<h3 class=\"text-center\">Tente d&#8217;\u00c9v\u00e9nements<\/h3>\n<\/div>\n<div class=\"col-xs-12\"><a href=\"https:\/\/campingoleiros.com\/portal\/fr\/tente-devenements\/\"> <img loading=\"lazy\" class=\"alignnone size-full wp-image-532\" src=\"https:\/\/campingoleiros.com\/portal\/wp-content\/uploads\/2025\/08\/adventure-days_2021_banner.png\" alt=\"Praia Fluvial\" width=\"600\" height=\"400\" \/> <\/a><\/div>\n<\/div>\n<div class=\"col-xs-12 col-md-12 espacamento\">\n<div class=\"embed-responsive embed-responsive-16by9 \">\n<p><iframe loading=\"lazy\" class=\"embed-responsive-item\" src=\"https:\/\/player.vimeo.com\/video\/178203363?byline=0&amp;portrait=0\" width=\"640\" height=\"272\" frameborder=\"0\" allowfullscreen=\"allowfullscreen\"><\/iframe><\/p>\n<\/div>\n<\/div>\n<\/div>\n","protected":false},"excerpt":{"rendered":"<p>Ext\u00e9rieurs Int\u00e9rieurs Plage Fluviale Tente d&#8217;\u00c9v\u00e9nements<\/p>\n","protected":false},"author":1,"featured_media":0,"parent":0,"menu_order":0,"comment_status":"closed","ping_status":"closed","template":"template-fullwidth.php","meta":[],"_links":{"self":[{"href":"https:\/\/campingoleiros.com\/portal\/wp-json\/wp\/v2\/pages\/285"}],"collection":[{"href":"https:\/\/campingoleiros.com\/portal\/wp-json\/wp\/v2\/pages"}],"about":[{"href":"https:\/\/campingoleiros.com\/portal\/wp-json\/wp\/v2\/types\/page"}],"author":[{"embeddable":true,"href":"https:\/\/campingoleiros.com\/portal\/wp-json\/wp\/v2\/users\/1"}],"replies":[{"embeddable":true,"href":"https:\/\/campingoleiros.com\/portal\/wp-json\/wp\/v2\/comments?post=285"}],"version-history":[{"count":7,"href":"https:\/\/campingoleiros.com\/portal\/wp-json\/wp\/v2\/pages\/285\/revisions"}],"predecessor-version":[{"id":3299,"href":"https:\/\/campingoleiros.com\/portal\/wp-json\/wp\/v2\/pages\/285\/revisions\/3299"}],"wp:attachment":[{"href":"https:\/\/campingoleiros.com\/portal\/wp-json\/wp\/v2\/media?parent=285"}],"curies":[{"name":"wp","href":"https:\/\/api.w.org\/{rel}","templated":true}]}}